{"id":308,"date":"2015-01-28T17:24:14","date_gmt":"2015-01-28T16:24:14","guid":{"rendered":"http:\/\/kulturochkuriosa.se\/butik2\/?page_id=308"},"modified":"2016-11-21T12:18:09","modified_gmt":"2016-11-21T11:18:09","slug":"pressglas","status":"publish","type":"page","link":"http:\/\/kulturochkuriosa.se\/butik2\/glas\/gullaskruf\/pressglas\/","title":{"rendered":"Pressglas"},"content":{"rendered":"<p>Pressglaset fr\u00e5n Gullaskruf var av h\u00f6g kvalitet, m\u00e5nga modeller formgavs av William Stenberg sj\u00e4lv, \u00e4ven Arthur Percy och Lennart Andersson stod f\u00f6r en hel del.<\/p>\n<table style=\"height: auto; background-color: #b4b4b4; width: 100%;\" border=\"4\">\n<tbody>\n<tr>\n<td style=\"border: 2px solid #f5f0f0; width: 25%;\"><a href=\"http:\/\/kulturochkuriosa.se\/butik2\/wp-content\/uploads\/2015\/01\/vas-reffla-opalin-h\u00f6g.jpg\" class=\"gallery_colorbox\"><img loading=\"lazy\" class=\"aligncenter size-medium wp-image-618\" src=\"http:\/\/kulturochkuriosa.se\/butik2\/wp-content\/uploads\/2015\/01\/vas-reffla-opalin-h\u00f6g-225x300.jpg\"  alt=\"vas reffla opalin h\u00f6g\" width=\"80%\" height=\"auto\" srcset=\"http:\/\/kulturochkuriosa.se\/butik2\/wp-content\/uploads\/2015\/01\/vas-reffla-opalin-h\u00f6g-225x300.jpg 225w, http:\/\/kulturochkuriosa.se\/butik2\/wp-content\/uploads\/2015\/01\/vas-reffla-opalin-h\u00f6g-768x1024.jpg 768w, http:\/\/kulturochkuriosa.se\/butik2\/wp-content\/uploads\/2015\/01\/vas-reffla-opalin-h\u00f6g.jpg 850w\" sizes=\"(max-width: 225px) 100vw, 225px\" \/><\/a><\/td>\n<td style=\"border: 2px solid #f5f0f0; width: 25%;\"><a href=\"http:\/\/kulturochkuriosa.se\/butik2\/wp-content\/uploads\/2015\/01\/stor-sk\u00e5l-reffla-opalin.jpg\" class=\"gallery_colorbox\" rel=\"attachment wp-att-877\"><img loading=\"lazy\" class=\"aligncenter size-medium wp-image-877\" src=\"http:\/\/kulturochkuriosa.se\/butik2\/wp-content\/uploads\/2015\/01\/stor-sk\u00e5l-reffla-opalin-300x225.jpg\"  alt=\"stor sk\u00e5l reffla opalin\" width=\"100%\" height=\"auto\" srcset=\"http:\/\/kulturochkuriosa.se\/butik2\/wp-content\/uploads\/2015\/01\/stor-sk\u00e5l-reffla-opalin-300x225.jpg 300w, http:\/\/kulturochkuriosa.se\/butik2\/wp-content\/uploads\/2015\/01\/stor-sk\u00e5l-reffla-opalin-768x576.jpg 768w, http:\/\/kulturochkuriosa.se\/butik2\/wp-content\/uploads\/2015\/01\/stor-sk\u00e5l-reffla-opalin-1024x768.jpg 1024w, http:\/\/kulturochkuriosa.se\/butik2\/wp-content\/uploads\/2015\/01\/stor-sk\u00e5l-reffla-opalin.jpg 1134w\" sizes=\"(max-width: 300px) 100vw, 300px\" \/><\/a><\/td>\n<td style=\"border: 2px solid #f5f0f0; width: 25%;\"><\/td>\n<td style=\"border: 2px solid #f5f0f0; width: 25%;\"><\/td>\n<\/tr>\n<tr style=\"vertical-align: top; background-color: #d4d4d4;\">\n<td style=\"border: 2px solid #f5f0f0; width: 25%;\">Vas &#8221;Reffla&#8221; av Arthur Percy i vackert opalinglas, pris 300:-. Finns \u00e4ven i r\u00f6tt och gr\u00f6nt glas.<\/td>\n<td style=\"border: 2px solid #f5f0f0; width: 25%;\">\u00a0En ovanlig stor sk\u00e5l i Reffla-serien i opalin, pris 600:-.<\/td>\n<td style=\"border: 2px solid #f5f0f0; width: 25%;\"><\/td>\n<td style=\"border: 2px solid #f5f0f0; width: 25%;\"><\/td>\n<\/tr>\n<tr>\n<td style=\"border: 2px solid #f5f0f0; background-color: #444444; width: 25%; text-align: center;\" colspan=\"4\"><span style=\"color: #ffffff;\">S\u00e5lda produkter<br \/>\n<\/span><\/td>\n<\/tr>\n<tr>\n<td style=\"border: 2px solid #f5f0f0; width: 25%;\"><a href=\"http:\/\/kulturochkuriosa.se\/butik2\/wp-content\/uploads\/2015\/01\/ring-efter\u00e4ttssk\u00e5lar.jpg\" class=\"gallery_colorbox\"><img loading=\"lazy\" class=\"aligncenter size-medium wp-image-1029\" src=\"http:\/\/kulturochkuriosa.se\/butik2\/wp-content\/uploads\/2015\/01\/ring-efter\u00e4ttssk\u00e5lar-300x225.jpg\"  alt=\"ring efter\u00e4ttssk\u00e5lar\" width=\"100%\" height=\"auto\" srcset=\"http:\/\/kulturochkuriosa.se\/butik2\/wp-content\/uploads\/2015\/01\/ring-efter\u00e4ttssk\u00e5lar-300x225.jpg 300w, http:\/\/kulturochkuriosa.se\/butik2\/wp-content\/uploads\/2015\/01\/ring-efter\u00e4ttssk\u00e5lar-768x576.jpg 768w, http:\/\/kulturochkuriosa.se\/butik2\/wp-content\/uploads\/2015\/01\/ring-efter\u00e4ttssk\u00e5lar-1024x768.jpg 1024w, http:\/\/kulturochkuriosa.se\/butik2\/wp-content\/uploads\/2015\/01\/ring-efter\u00e4ttssk\u00e5lar.jpg 1134w\" sizes=\"(max-width: 300px) 100vw, 300px\" \/><\/a><\/td>\n<td style=\"border: 2px solid #f5f0f0; width: 25%;\"><\/td>\n<td style=\"border: 2px solid #f5f0f0; width: 25%;\"><\/td>\n<td style=\"border: 2px solid #f5f0f0; width: 25%;\"><\/td>\n<\/tr>\n<tr style=\"vertical-align: top; background-color: #d4d4d4;\">\n<td style=\"border: 2px solid #f5f0f0; width: 25%;\">\u00a0Dessertsk\u00e5lar i serien &#8221;Ring&#8221;, 11 st i vackra f\u00e4rger, <del>pris 500:-.<\/del> <strong>S\u00e5lda.<\/strong><\/td>\n<td style=\"border: 2px solid #f5f0f0; width: 25%;\"><\/td>\n<td style=\"border: 2px solid #f5f0f0; width: 25%;\"><\/td>\n<td style=\"border: 2px solid #f5f0f0; width: 25%;\"><\/td>\n<\/tr>\n<\/tbody>\n<\/table>\n<p>&nbsp;<\/p>\n","protected":false},"excerpt":{"rendered":"<p>Pressglaset fr\u00e5n Gullaskruf var av h\u00f6g kvalitet, m\u00e5nga modeller formgavs av William Stenberg sj\u00e4lv, \u00e4ven Arthur Percy och Lennart Andersson stod f\u00f6r en hel del. Vas &#8221;Reffla&#8221; av Arthur Percy i vackert opalinglas, pris 300:-. Finns \u00e4ven i r\u00f6tt och gr\u00f6nt glas. \u00a0En ovanlig stor sk\u00e5l i Reffla-serien i opalin, pris 600:-. S\u00e5lda produkter \u00a0Dessertsk\u00e5lar <a href='http:\/\/kulturochkuriosa.se\/butik2\/glas\/gullaskruf\/pressglas\/' class='excerpt-more'>[&#8230;]<\/a><\/p>\n","protected":false},"author":2,"featured_media":0,"parent":101,"menu_order":20,"comment_status":"closed","ping_status":"closed","template":"","meta":[],"_links":{"self":[{"href":"http:\/\/kulturochkuriosa.se\/butik2\/wp-json\/wp\/v2\/pages\/308"}],"collection":[{"href":"http:\/\/kulturochkuriosa.se\/butik2\/wp-json\/wp\/v2\/pages"}],"about":[{"href":"http:\/\/kulturochkuriosa.se\/butik2\/wp-json\/wp\/v2\/types\/page"}],"author":[{"embeddable":true,"href":"http:\/\/kulturochkuriosa.se\/butik2\/wp-json\/wp\/v2\/users\/2"}],"replies":[{"embeddable":true,"href":"http:\/\/kulturochkuriosa.se\/butik2\/wp-json\/wp\/v2\/comments?post=308"}],"version-history":[{"count":8,"href":"http:\/\/kulturochkuriosa.se\/butik2\/wp-json\/wp\/v2\/pages\/308\/revisions"}],"predecessor-version":[{"id":1074,"href":"http:\/\/kulturochkuriosa.se\/butik2\/wp-json\/wp\/v2\/pages\/308\/revisions\/1074"}],"up":[{"embeddable":true,"href":"http:\/\/kulturochkuriosa.se\/butik2\/wp-json\/wp\/v2\/pages\/101"}],"wp:attachment":[{"href":"http:\/\/kulturochkuriosa.se\/butik2\/wp-json\/wp\/v2\/media?parent=308"}],"curies":[{"name":"wp","href":"https:\/\/api.w.org\/{rel}","templated":true}]}}